{"id":218,"date":"2020-12-14T12:49:40","date_gmt":"2020-12-14T11:49:40","guid":{"rendered":"https:\/\/duon.pl\/lepiejnagaz\/\/?page_id=218"},"modified":"2021-04-28T14:41:48","modified_gmt":"2021-04-28T12:41:48","slug":"z-zycia-branzy","status":"publish","type":"page","link":"https:\/\/duon.pl\/lepiejnagaz\/z-zycia-branzy\/","title":{"rendered":"Z \u017cycia bran\u017cy"},"content":{"rendered":"<div class=\"wpb-content-wrapper\"><p>[vc_section][vc_row][vc_column]\n            <div class=\"row\">\n                            <div class=\"col-12 col-lg-4\">\n                    <article class=\"article\">\n                        <a href=\"https:\/\/duon.pl\/lepiejnagaz\/embargo-na-gaz-z-rosji-europa-odcina-sie-od-rosyjskiego-lng-co-to-oznacza-dla-rynku\/\" role=\"img\" alt=\"Blog_emabrgo_grafa\" class=\"article__image\" style=\"display:block; background-image: url('https:\/\/duon.pl\/lepiejnagaz\/wp-content\/uploads\/sites\/5\/2023\/04\/Blog_emabrgo_grafa.png') \">\n                        <\/a>\n                        <div class=\"article__body\">\n                            <div class=\"article__text match-height\">\n                                <a href=\"https:\/\/duon.pl\/lepiejnagaz\/embargo-na-gaz-z-rosji-europa-odcina-sie-od-rosyjskiego-lng-co-to-oznacza-dla-rynku\/\" data-category=\"17\" class=\"category-click article__hdl-link\">\n                                    <h4 class=\"article__hdl\">Europa odwraca si\u0119 od LNG z Rosji. Co to w praktyce oznacza embargo na gaz z Rosji?<\/h4>\n                                <\/a>\n                                <div class=\"article__date\">\n                                    <div class=\"row align-items-center\">\n                                        <div class=\"col-auto text-nowrap\"><time datetime=\"2023-04-21\">21. Kwiecie\u0144 2023<\/time><\/div>\n                                        <div class=\"col text-right\">\n                                            <div class=\"article__reading-time article__reading-time--category\">Ten tekst przeczytasz w&nbsp;4&nbsp;minuty<\/div>\n                                        <\/div>\n                                    <\/div>\n                                <\/div>\n                                <div class=\"article__perex\">\n                                    <p> Na decyzj\u0119 odno\u015bnie embargo musieli\u015bmy czeka\u0107 niemal rok od wybuchu wojny na Ukrainie. Koniec importu gazu ziemnego nie obejmowa\u0142 od razu LNG, czemu z jednej strony trudno si\u0119 dziwi\u0107, bo Rosja to powa\u017cny, globalny gracz i nawet w  <\/p>\n                                <\/div>\n                            <\/div>\n                            <div class=\"article__btn\">\n                                <a href=\"https:\/\/duon.pl\/lepiejnagaz\/embargo-na-gaz-z-rosji-europa-odcina-sie-od-rosyjskiego-lng-co-to-oznacza-dla-rynku\/\" data-category=\"17\" class=\"category-click btn btn--primary btn--xs btn--arrow-right\">Czytaj dalej<\/a>\n                            <\/div>\n                        <\/div>\n                    <\/article>\n                <\/div>\n                            <div class=\"col-12 col-lg-4\">\n                    <article class=\"article\">\n                        <a href=\"https:\/\/duon.pl\/lepiejnagaz\/15-proc-mniej-gazu-co-plan-ue-oznacza-dla-polskiego-przemyslu\/\" role=\"img\" alt=\"oszczedzanie_gazu_ue\" class=\"article__image\" style=\"display:block; background-image: url('https:\/\/duon.pl\/lepiejnagaz\/wp-content\/uploads\/sites\/5\/2022\/07\/oszczedzanie_gazu_ue.jpeg') \">\n                        <\/a>\n                        <div class=\"article__body\">\n                            <div class=\"article__text match-height\">\n                                <a href=\"https:\/\/duon.pl\/lepiejnagaz\/15-proc-mniej-gazu-co-plan-ue-oznacza-dla-polskiego-przemyslu\/\" data-category=\"17\" class=\"category-click article__hdl-link\">\n                                    <h4 class=\"article__hdl\">15 proc. mniej gazu? Co plan UE oznacza dla polskiego przemys\u0142u?<\/h4>\n                                <\/a>\n                                <div class=\"article__date\">\n                                    <div class=\"row align-items-center\">\n                                        <div class=\"col-auto text-nowrap\"><time datetime=\"2022-07-29\">29. Lipiec 2022<\/time><\/div>\n                                        <div class=\"col text-right\">\n                                            <div class=\"article__reading-time article__reading-time--category\">Ten tekst przeczytasz w&nbsp;3&nbsp;minuty<\/div>\n                                        <\/div>\n                                    <\/div>\n                                <\/div>\n                                <div class=\"article__perex\">\n                                    <p> Plan Komisji Europejskiej dotycz\u0105cy zmniejszania zapotrzebowania na gaz, aby pom\u00f3c pa\u0144stwom cz\u0142onkowskim w niezb\u0119dnej redukcji <\/p>\n                                <\/div>\n                            <\/div>\n                            <div class=\"article__btn\">\n                                <a href=\"https:\/\/duon.pl\/lepiejnagaz\/15-proc-mniej-gazu-co-plan-ue-oznacza-dla-polskiego-przemyslu\/\" data-category=\"17\" class=\"category-click btn btn--primary btn--xs btn--arrow-right\">Czytaj dalej<\/a>\n                            <\/div>\n                        <\/div>\n                    <\/article>\n                <\/div>\n                            <div class=\"col-12 col-lg-4\">\n                    <article class=\"article\">\n                        <a href=\"https:\/\/duon.pl\/lepiejnagaz\/warunki-przylaczenia-do-sieci-gazowej-nie-zostaly-zaakceptowane-co-robic\/\" role=\"img\" alt=\"Przy\u0142\u0105czenie do sieci gazowej \u2013 co zrobi\u0107 w przypadku odmowy?\" class=\"article__image\" style=\"display:block; background-image: url('https:\/\/duon.pl\/lepiejnagaz\/wp-content\/uploads\/sites\/5\/2022\/07\/Blog_grafa_odmowa.png') \">\n                        <\/a>\n                        <div class=\"article__body\">\n                            <div class=\"article__text match-height\">\n                                <a href=\"https:\/\/duon.pl\/lepiejnagaz\/warunki-przylaczenia-do-sieci-gazowej-nie-zostaly-zaakceptowane-co-robic\/\" data-category=\"17\" class=\"category-click article__hdl-link\">\n                                    <h4 class=\"article__hdl\">Przy\u0142\u0105czenie do sieci gazowej \u2013 co zrobi\u0107 w przypadku odmowy?<\/h4>\n                                <\/a>\n                                <div class=\"article__date\">\n                                    <div class=\"row align-items-center\">\n                                        <div class=\"col-auto text-nowrap\"><time datetime=\"2022-07-22\">22. Lipiec 2022<\/time><\/div>\n                                        <div class=\"col text-right\">\n                                            <div class=\"article__reading-time article__reading-time--category\">Ten tekst przeczytasz w&nbsp;3&nbsp;minuty<\/div>\n                                        <\/div>\n                                    <\/div>\n                                <\/div>\n                                <div class=\"article__perex\">\n                                    <p> Jaka jest alternatywa w sytuacji, gdy operator gazowy odmawia warunk\u00f3w przy\u0142\u0105czenia fabryki do sieci gazowej? <\/p>\n                                <\/div>\n                            <\/div>\n                            <div class=\"article__btn\">\n                                <a href=\"https:\/\/duon.pl\/lepiejnagaz\/warunki-przylaczenia-do-sieci-gazowej-nie-zostaly-zaakceptowane-co-robic\/\" data-category=\"17\" class=\"category-click btn btn--primary btn--xs btn--arrow-right\">Czytaj dalej<\/a>\n                            <\/div>\n                        <\/div>\n                    <\/article>\n                <\/div>\n                            <div class=\"col-12 col-lg-4\">\n                    <article class=\"article\">\n                        <a href=\"https:\/\/duon.pl\/lepiejnagaz\/czy-lng-sprawdzi-sie-jako-paliwo-awaryjne-na-wypadek-wprowadzenia-stopni-zasilania\/\" role=\"img\" alt=\"duon.pl-lng- rezerwa mocy-paliwo-awaryjne\" class=\"article__image\" style=\"display:block; background-image: url('https:\/\/duon.pl\/lepiejnagaz\/wp-content\/uploads\/sites\/5\/2022\/06\/duon.pl_lng_jako_paliwo_awaryjne.jpg') \">\n                        <\/a>\n                        <div class=\"article__body\">\n                            <div class=\"article__text match-height\">\n                                <a href=\"https:\/\/duon.pl\/lepiejnagaz\/czy-lng-sprawdzi-sie-jako-paliwo-awaryjne-na-wypadek-wprowadzenia-stopni-zasilania\/\" data-category=\"17\" class=\"category-click article__hdl-link\">\n                                    <h4 class=\"article__hdl\">Czy LNG sprawdzi si\u0119 jako paliwo awaryjne na wypadek wprowadzenia stopni zasilania?<\/h4>\n                                <\/a>\n                                <div class=\"article__date\">\n                                    <div class=\"row align-items-center\">\n                                        <div class=\"col-auto text-nowrap\"><time datetime=\"2022-06-27\">27. Czerwiec 2022<\/time><\/div>\n                                        <div class=\"col text-right\">\n                                            <div class=\"article__reading-time article__reading-time--category\">Ten tekst przeczytasz w&nbsp;3&nbsp;minuty<\/div>\n                                        <\/div>\n                                    <\/div>\n                                <\/div>\n                                <div class=\"article__perex\">\n                                    <p> Czy w praktyce wykorzystanie LNG jako paliwa awaryjnego jest mo\u017cliwe? <\/p>\n                                <\/div>\n                            <\/div>\n                            <div class=\"article__btn\">\n                                <a href=\"https:\/\/duon.pl\/lepiejnagaz\/czy-lng-sprawdzi-sie-jako-paliwo-awaryjne-na-wypadek-wprowadzenia-stopni-zasilania\/\" data-category=\"17\" class=\"category-click btn btn--primary btn--xs btn--arrow-right\">Czytaj dalej<\/a>\n                            <\/div>\n                        <\/div>\n                    <\/article>\n                <\/div>\n                            <div class=\"col-12 col-lg-4\">\n                    <article class=\"article\">\n                        <a href=\"https:\/\/duon.pl\/lepiejnagaz\/opoznienie-gazociagu-pomoga-tymczasowe-dostawy-gazu\/\" role=\"img\" alt=\"Tymczasowe dostawy gazu ziemnego\" class=\"article__image\" style=\"display:block; background-image: url('https:\/\/duon.pl\/lepiejnagaz\/wp-content\/uploads\/sites\/5\/2022\/07\/odmowa_przylacza_gazu-scaled.jpg') \">\n                        <\/a>\n                        <div class=\"article__body\">\n                            <div class=\"article__text match-height\">\n                                <a href=\"https:\/\/duon.pl\/lepiejnagaz\/opoznienie-gazociagu-pomoga-tymczasowe-dostawy-gazu\/\" data-category=\"17\" class=\"category-click article__hdl-link\">\n                                    <h4 class=\"article__hdl\">Op\u00f3\u017anienie gazoci\u0105gu. Pomog\u0105 tymczasowe dostawy gazu<\/h4>\n                                <\/a>\n                                <div class=\"article__date\">\n                                    <div class=\"row align-items-center\">\n                                        <div class=\"col-auto text-nowrap\"><time datetime=\"2022-05-16\">16. Maj 2022<\/time><\/div>\n                                        <div class=\"col text-right\">\n                                            <div class=\"article__reading-time article__reading-time--category\">Ten tekst przeczytasz w&nbsp;2&nbsp;minuty<\/div>\n                                        <\/div>\n                                    <\/div>\n                                <\/div>\n                                <div class=\"article__perex\">\n                                    <p> Tymczasowe dostawy gazu to warto\u015bciowa alternatywa w przypadku, gdy np. produkcja powinna ruszy\u0107 w okre\u015blonym terminie i do jej wykonania s\u0105 ju\u017c zatrudnieni pracownicy, a nadal brakuje zasilania sieciowego <\/p>\n                                <\/div>\n                            <\/div>\n                            <div class=\"article__btn\">\n                                <a href=\"https:\/\/duon.pl\/lepiejnagaz\/opoznienie-gazociagu-pomoga-tymczasowe-dostawy-gazu\/\" data-category=\"17\" class=\"category-click btn btn--primary btn--xs btn--arrow-right\">Czytaj dalej<\/a>\n                            <\/div>\n                        <\/div>\n                    <\/article>\n                <\/div>\n                            <div class=\"col-12 col-lg-4\">\n                    <article class=\"article\">\n                        <a href=\"https:\/\/duon.pl\/lepiejnagaz\/psg-wstrzymuje-przylaczenia-do-swoich-gazociagow-sa-alternatywy\/\" role=\"img\" alt=\"golden sunset in crude oil refinery with pipeline system\" class=\"article__image\" style=\"display:block; background-image: url('https:\/\/duon.pl\/lepiejnagaz\/wp-content\/uploads\/sites\/5\/2022\/01\/przylacza_gazowe_duon-scaled.jpeg') \">\n                        <\/a>\n                        <div class=\"article__body\">\n                            <div class=\"article__text match-height\">\n                                <a href=\"https:\/\/duon.pl\/lepiejnagaz\/psg-wstrzymuje-przylaczenia-do-swoich-gazociagow-sa-alternatywy\/\" data-category=\"17\" class=\"category-click article__hdl-link\">\n                                    <h4 class=\"article__hdl\">PSG wstrzymuje przy\u0142\u0105czenia do swoich gazoci\u0105g\u00f3w. S\u0105 alternatywy<\/h4>\n                                <\/a>\n                                <div class=\"article__date\">\n                                    <div class=\"row align-items-center\">\n                                        <div class=\"col-auto text-nowrap\"><time datetime=\"2022-01-14\">14. Stycze\u0144 2022<\/time><\/div>\n                                        <div class=\"col text-right\">\n                                            <div class=\"article__reading-time article__reading-time--category\">Ten tekst przeczytasz w&nbsp;3&nbsp;minuty<\/div>\n                                        <\/div>\n                                    <\/div>\n                                <\/div>\n                                <div class=\"article__perex\">\n                                    <p> Czasowe wstrzymanie zawierania um\u00f3w na przy\u0142\u0105cza gazowe ze strony PSG. Jakie s\u0105 alternatywy? <\/p>\n                                <\/div>\n                            <\/div>\n                            <div class=\"article__btn\">\n                                <a href=\"https:\/\/duon.pl\/lepiejnagaz\/psg-wstrzymuje-przylaczenia-do-swoich-gazociagow-sa-alternatywy\/\" data-category=\"17\" class=\"category-click btn btn--primary btn--xs btn--arrow-right\">Czytaj dalej<\/a>\n                            <\/div>\n                        <\/div>\n                    <\/article>\n                <\/div>\n                            <div class=\"col-12 col-lg-4\">\n                    <article class=\"article\">\n                        <a href=\"https:\/\/duon.pl\/lepiejnagaz\/bezpieczenstwo-inwestycji-w-lng\/\" role=\"img\" alt=\"Inwestycje w LNG\" class=\"article__image\" style=\"display:block; background-image: url('https:\/\/duon.pl\/lepiejnagaz\/wp-content\/uploads\/sites\/5\/2021\/04\/Blog_Inwestycje-w-LNG.png') \">\n                        <\/a>\n                        <div class=\"article__body\">\n                            <div class=\"article__text match-height\">\n                                <a href=\"https:\/\/duon.pl\/lepiejnagaz\/bezpieczenstwo-inwestycji-w-lng\/\" data-category=\"17\" class=\"category-click article__hdl-link\">\n                                    <h4 class=\"article__hdl\">Inwestycje w LNG \u2013 przede wszystkim bezpiecze\u0144stwo<\/h4>\n                                <\/a>\n                                <div class=\"article__date\">\n                                    <div class=\"row align-items-center\">\n                                        <div class=\"col-auto text-nowrap\"><time datetime=\"2021-04-23\">23. Kwiecie\u0144 2021<\/time><\/div>\n                                        <div class=\"col text-right\">\n                                            <div class=\"article__reading-time article__reading-time--category\">Ten tekst przeczytasz w&nbsp;4&nbsp;minuty<\/div>\n                                        <\/div>\n                                    <\/div>\n                                <\/div>\n                                <div class=\"article__perex\">\n                                    <p> Korzy\u015bci ekonomiczne i \u015brodowiskowe powoduj\u0105, \u017ce skroplony gaz ziemny (LNG) jest stosowany przez coraz wi\u0119cej przedsi\u0119biorstw do produkcji energii cieplnej i elektrycznej na w\u0142asne potrzeby <\/p>\n                                <\/div>\n                            <\/div>\n                            <div class=\"article__btn\">\n                                <a href=\"https:\/\/duon.pl\/lepiejnagaz\/bezpieczenstwo-inwestycji-w-lng\/\" data-category=\"17\" class=\"category-click btn btn--primary btn--xs btn--arrow-right\">Czytaj dalej<\/a>\n                            <\/div>\n                        <\/div>\n                    <\/article>\n                <\/div>\n                            <div class=\"col-12 col-lg-4\">\n                    <article class=\"article\">\n                        <a href=\"https:\/\/duon.pl\/lepiejnagaz\/bunkrowanie-statkow-lng\/\" role=\"img\" alt=\"Bunkrowanie statk\u00f3w LNG\" class=\"article__image\" style=\"display:block; background-image: url('https:\/\/duon.pl\/lepiejnagaz\/wp-content\/uploads\/sites\/5\/2021\/04\/bunkrowanie-statkow-LNG.jpg') \">\n                        <\/a>\n                        <div class=\"article__body\">\n                            <div class=\"article__text match-height\">\n                                <a href=\"https:\/\/duon.pl\/lepiejnagaz\/bunkrowanie-statkow-lng\/\" data-category=\"17\" class=\"category-click article__hdl-link\">\n                                    <h4 class=\"article__hdl\">Bunkrowanie statk\u00f3w LNG \u2013 czyli dlaczego warto postawi\u0107 na statek LNG?<\/h4>\n                                <\/a>\n                                <div class=\"article__date\">\n                                    <div class=\"row align-items-center\">\n                                        <div class=\"col-auto text-nowrap\"><time datetime=\"2021-04-13\">13. Kwiecie\u0144 2021<\/time><\/div>\n                                        <div class=\"col text-right\">\n                                            <div class=\"article__reading-time article__reading-time--category\">Ten tekst przeczytasz w&nbsp;3&nbsp;minuty<\/div>\n                                        <\/div>\n                                    <\/div>\n                                <\/div>\n                                <div class=\"article__perex\">\n                                    <p> Rosn\u0105ce wymogi \u015brodowiskowe stanowi\u0105 wyzwanie nie tylko dla energetyki i bran\u017cy automotive, ale tak\u017ce dla transportu morskiego, kt\u00f3rym realizowane jest 90% handlu zagranicznego i 40% wewn\u0119trznego Unii Europejskiej. <\/p>\n                                <\/div>\n                            <\/div>\n                            <div class=\"article__btn\">\n                                <a href=\"https:\/\/duon.pl\/lepiejnagaz\/bunkrowanie-statkow-lng\/\" data-category=\"17\" class=\"category-click btn btn--primary btn--xs btn--arrow-right\">Czytaj dalej<\/a>\n                            <\/div>\n                        <\/div>\n                    <\/article>\n                <\/div>\n                            <div class=\"col-12 col-lg-4\">\n                    <article class=\"article\">\n                        <a href=\"https:\/\/duon.pl\/lepiejnagaz\/ciezarowka-na-lng\/\" role=\"img\" alt=\"Ci\u0119\u017car\u00f3wka na gaz LNG - DUON\" class=\"article__image\" style=\"display:block; background-image: url('https:\/\/duon.pl\/lepiejnagaz\/wp-content\/uploads\/sites\/5\/2021\/04\/ciezarowka-na-gaz-lng-duon.jpeg') \">\n                        <\/a>\n                        <div class=\"article__body\">\n                            <div class=\"article__text match-height\">\n                                <a href=\"https:\/\/duon.pl\/lepiejnagaz\/ciezarowka-na-lng\/\" data-category=\"17\" class=\"category-click article__hdl-link\">\n                                    <h4 class=\"article__hdl\">Ci\u0119\u017car\u00f3wki na LNG &#8211; Dlaczego wybrali\u015bmy gaz do nap\u0119du ci\u0119\u017car\u00f3wek?<\/h4>\n                                <\/a>\n                                <div class=\"article__date\">\n                                    <div class=\"row align-items-center\">\n                                        <div class=\"col-auto text-nowrap\"><time datetime=\"2021-03-26\">26. Marzec 2021<\/time><\/div>\n                                        <div class=\"col text-right\">\n                                            <div class=\"article__reading-time article__reading-time--category\">Ten tekst przeczytasz w&nbsp;3&nbsp;minuty<\/div>\n                                        <\/div>\n                                    <\/div>\n                                <\/div>\n                                <div class=\"article__perex\">\n                                    <p> Ju\u017c w styczniu odebrali\u015bmy 5 nowych ci\u0105gnik\u00f3w zasilanych gazem LNG. Druga cz\u0119\u015b\u0107 dotrze do nas w ci\u0105gu kolejnych kilku miesi\u0119cy. Sk\u0105d taka decyzja i dlaczego coraz wi\u0119cej firm wybiera to rozwi\u0105zanie? <\/p>\n                                <\/div>\n                            <\/div>\n                            <div class=\"article__btn\">\n                                <a href=\"https:\/\/duon.pl\/lepiejnagaz\/ciezarowka-na-lng\/\" data-category=\"17\" class=\"category-click btn btn--primary btn--xs btn--arrow-right\">Czytaj dalej<\/a>\n                            <\/div>\n                        <\/div>\n                    <\/article>\n                <\/div>\n                            <div class=\"col-12 col-lg-4\">\n                    <article class=\"article\">\n                        <a href=\"https:\/\/duon.pl\/lepiejnagaz\/wegiel-kamienny-w-polsce-i-europie-problemy-legislacyjne-dla-wegla-kamiennego\/\" role=\"img\" alt=\"emicja gazow cieplarnianych - wegiel kamienny\" class=\"article__image\" style=\"display:block; background-image: url('https:\/\/duon.pl\/lepiejnagaz\/wp-content\/uploads\/sites\/5\/2021\/04\/emisja-gazow-cieplarnianych-wegiel-kamienny-duon.jpeg') \">\n                        <\/a>\n                        <div class=\"article__body\">\n                            <div class=\"article__text match-height\">\n                                <a href=\"https:\/\/duon.pl\/lepiejnagaz\/wegiel-kamienny-w-polsce-i-europie-problemy-legislacyjne-dla-wegla-kamiennego\/\" data-category=\"17\" class=\"category-click article__hdl-link\">\n                                    <h4 class=\"article__hdl\">W\u0119giel kamienny w Polsce i Europie. Problemy legislacyjne dla w\u0119gla kamiennego<\/h4>\n                                <\/a>\n                                <div class=\"article__date\">\n                                    <div class=\"row align-items-center\">\n                                        <div class=\"col-auto text-nowrap\"><time datetime=\"2021-03-16\">16. Marzec 2021<\/time><\/div>\n                                        <div class=\"col text-right\">\n                                            <div class=\"article__reading-time article__reading-time--category\">Ten tekst przeczytasz w&nbsp;4&nbsp;minuty<\/div>\n                                        <\/div>\n                                    <\/div>\n                                <\/div>\n                                <div class=\"article__perex\">\n                                    <p> W\u0119giel kamienny ma szerokie zastosowanie. Jakie przepisy s\u0105 wprowadzane, aby ograniczy\u0107 zu\u017cycie tego surowca, a tym samym emisj\u0119 szkodliwych gaz\u00f3w? Na co szczeg\u00f3ln\u0105 uwag\u0119 powinni zwr\u00f3ci\u0107 przedsi\u0119biorcy? <\/p>\n                                <\/div>\n                            <\/div>\n                            <div class=\"article__btn\">\n                                <a href=\"https:\/\/duon.pl\/lepiejnagaz\/wegiel-kamienny-w-polsce-i-europie-problemy-legislacyjne-dla-wegla-kamiennego\/\" data-category=\"17\" class=\"category-click btn btn--primary btn--xs btn--arrow-right\">Czytaj dalej<\/a>\n                            <\/div>\n                        <\/div>\n                    <\/article>\n                <\/div>\n                            <div class=\"col-12 col-lg-4\">\n                    <article class=\"article\">\n                        <a href=\"https:\/\/duon.pl\/lepiejnagaz\/premia-kogeneracyjna\/\" role=\"img\" alt=\"premia kogeneracyjna\" class=\"article__image\" style=\"display:block; background-image: url('https:\/\/duon.pl\/lepiejnagaz\/wp-content\/uploads\/sites\/5\/2021\/03\/blog_premia-kogeneracyjna.png') \">\n                        <\/a>\n                        <div class=\"article__body\">\n                            <div class=\"article__text match-height\">\n                                <a href=\"https:\/\/duon.pl\/lepiejnagaz\/premia-kogeneracyjna\/\" data-category=\"17\" class=\"category-click article__hdl-link\">\n                                    <h4 class=\"article__hdl\">Premia kogeneracyjna \u2013 co zrobi\u0107, aby j\u0105 otrzyma\u0107?<\/h4>\n                                <\/a>\n                                <div class=\"article__date\">\n                                    <div class=\"row align-items-center\">\n                                        <div class=\"col-auto text-nowrap\"><time datetime=\"2021-03-03\">3. Marzec 2021<\/time><\/div>\n                                        <div class=\"col text-right\">\n                                            <div class=\"article__reading-time article__reading-time--category\">Ten tekst przeczytasz w&nbsp;6&nbsp;minut<\/div>\n                                        <\/div>\n                                    <\/div>\n                                <\/div>\n                                <div class=\"article__perex\">\n                                    <p> Dzi\u0119ki kogeneracji mo\u017cemy energi\u0119 wykorzysta\u0107 du\u017co bardziej efektywnie, a tym samym zmniejszy\u0107 emisj\u0119 szkodliwych gaz\u00f3w do atmosfery. Rz\u0105dz\u0105cy promuj\u0105 to rozwi\u0105zanie i proponuj\u0105 przedsi\u0119biorcom dofinansowania <\/p>\n                                <\/div>\n                            <\/div>\n                            <div class=\"article__btn\">\n                                <a href=\"https:\/\/duon.pl\/lepiejnagaz\/premia-kogeneracyjna\/\" data-category=\"17\" class=\"category-click btn btn--primary btn--xs btn--arrow-right\">Czytaj dalej<\/a>\n                            <\/div>\n                        <\/div>\n                    <\/article>\n                <\/div>\n                            <div class=\"col-12 col-lg-4\">\n                    <article class=\"article\">\n                        <a href=\"https:\/\/duon.pl\/lepiejnagaz\/prace-ziemne-w-okolicach-gazociagow\/\" role=\"img\" alt=\"Blog_zabezpiecznie gazoci\u0105gu_grafa\" class=\"article__image\" style=\"display:block; background-image: url('https:\/\/duon.pl\/lepiejnagaz\/wp-content\/uploads\/sites\/5\/2021\/02\/Blog_zabezpiecznie-gazociagu_grafa.png') \">\n                        <\/a>\n                        <div class=\"article__body\">\n                            <div class=\"article__text match-height\">\n                                <a href=\"https:\/\/duon.pl\/lepiejnagaz\/prace-ziemne-w-okolicach-gazociagow\/\" data-category=\"17\" class=\"category-click article__hdl-link\">\n                                    <h4 class=\"article__hdl\">Zabezpieczenie gazoci\u0105gu w przypadku prac ziemnych w okolicach instalacji<\/h4>\n                                <\/a>\n                                <div class=\"article__date\">\n                                    <div class=\"row align-items-center\">\n                                        <div class=\"col-auto text-nowrap\"><time datetime=\"2021-02-25\">25. Luty 2021<\/time><\/div>\n                                        <div class=\"col text-right\">\n                                            <div class=\"article__reading-time article__reading-time--category\">Ten tekst przeczytasz w&nbsp;3&nbsp;minuty<\/div>\n                                        <\/div>\n                                    <\/div>\n                                <\/div>\n                                <div class=\"article__perex\">\n                                    <p> Prace ziemne s\u0105 szeregiem wykonywanych rob\u00f3t, w wyniku kt\u00f3rych powstaj\u0105 r\u00f3\u017cnego rodzaju budowle podziemne, fundamenty budowli nadziemnych b\u0105d\u017a instalacje podziemne. <\/p>\n                                <\/div>\n                            <\/div>\n                            <div class=\"article__btn\">\n                                <a href=\"https:\/\/duon.pl\/lepiejnagaz\/prace-ziemne-w-okolicach-gazociagow\/\" data-category=\"17\" class=\"category-click btn btn--primary btn--xs btn--arrow-right\">Czytaj dalej<\/a>\n                            <\/div>\n                        <\/div>\n                    <\/article>\n                <\/div>\n                            <div class=\"col-12 col-lg-4\">\n                    <article class=\"article\">\n                        <a href=\"https:\/\/duon.pl\/lepiejnagaz\/setki-dostaw-nowe-kontrakty-ekologiczne-rozwiazania-duon-podsumowuje-2020-rok\/\" role=\"img\" alt=\"ekologiczne rozwi\u0105zania duon\" class=\"article__image\" style=\"display:block; background-image: url('https:\/\/duon.pl\/lepiejnagaz\/wp-content\/uploads\/sites\/5\/2021\/02\/ekologiczne-rozwiazania-duon.jpeg') \">\n                        <\/a>\n                        <div class=\"article__body\">\n                            <div class=\"article__text match-height\">\n                                <a href=\"https:\/\/duon.pl\/lepiejnagaz\/setki-dostaw-nowe-kontrakty-ekologiczne-rozwiazania-duon-podsumowuje-2020-rok\/\" data-category=\"17\" class=\"category-click article__hdl-link\">\n                                    <h4 class=\"article__hdl\">Setki dostaw, nowe kontrakty, ekologiczne rozwi\u0105zania \u2013  DUON podsumowuje 2020 rok<\/h4>\n                                <\/a>\n                                <div class=\"article__date\">\n                                    <div class=\"row align-items-center\">\n                                        <div class=\"col-auto text-nowrap\"><time datetime=\"2020-12-22\">22. Grudzie\u0144 2020<\/time><\/div>\n                                        <div class=\"col text-right\">\n                                            <div class=\"article__reading-time article__reading-time--category\">Ten tekst przeczytasz w&nbsp;3&nbsp;minuty<\/div>\n                                        <\/div>\n                                    <\/div>\n                                <\/div>\n                                <div class=\"article__perex\">\n                                    <p> Grudzie\u0144 to czas podsumowa\u0144 i wyci\u0105gania wniosk\u00f3w na przysz\u0142o\u015b\u0107. Mijaj\u0105cy rok by\u0142 inny ni\u017c zazwyczaj \u2013 z wielu wzgl\u0119d\u00f3w. Jak w tym specyficznym okresie radzili\u015bmy sobie w DUON?  <\/p>\n                                <\/div>\n                            <\/div>\n                            <div class=\"article__btn\">\n                                <a href=\"https:\/\/duon.pl\/lepiejnagaz\/setki-dostaw-nowe-kontrakty-ekologiczne-rozwiazania-duon-podsumowuje-2020-rok\/\" data-category=\"17\" class=\"category-click btn btn--primary btn--xs btn--arrow-right\">Czytaj dalej<\/a>\n                            <\/div>\n                        <\/div>\n                    <\/article>\n                <\/div>\n                            <div class=\"col-12 col-lg-4\">\n                    <article class=\"article\">\n                        <a href=\"https:\/\/duon.pl\/lepiejnagaz\/gaz-lng-zamiast-wegla-sprzedaz-spolek-cieplowniczych-gge\/\" role=\"img\" alt=\"grupa-gge\" class=\"article__image\" style=\"display:block; background-image: url('https:\/\/duon.pl\/lepiejnagaz\/wp-content\/uploads\/sites\/5\/2020\/11\/grupa-gge.jpg') \">\n                        <\/a>\n                        <div class=\"article__body\">\n                            <div class=\"article__text match-height\">\n                                <a href=\"https:\/\/duon.pl\/lepiejnagaz\/gaz-lng-zamiast-wegla-sprzedaz-spolek-cieplowniczych-gge\/\" data-category=\"17\" class=\"category-click article__hdl-link\">\n                                    <h4 class=\"article__hdl\">Dwie sp\u00f3\u0142ki ciep\u0142ownicze z Grupy GGE sprzedane \u2013 postawili\u015bmy kolejny krok w kierunku odej\u015bcia od w\u0119gla m.in. na rzecz gazu LNG<\/h4>\n                                <\/a>\n                                <div class=\"article__date\">\n                                    <div class=\"row align-items-center\">\n                                        <div class=\"col-auto text-nowrap\"><time datetime=\"2020-11-02\">2. Listopad 2020<\/time><\/div>\n                                        <div class=\"col text-right\">\n                                            <div class=\"article__reading-time article__reading-time--category\">Ten tekst przeczytasz w&nbsp;&lt;&nbsp;1&nbsp;minut\u0119<\/div>\n                                        <\/div>\n                                    <\/div>\n                                <\/div>\n                                <div class=\"article__perex\">\n                                    <p> W dniu 23 pa\u017adziernika 2020 roku dosz\u0142o do zamkni\u0119cia transakcji sprzeda\u017cy 100% udzia\u0142\u00f3w sp\u00f3\u0142ki Idea98 oraz Ciep\u0142ownia Siemianowice przez Grup\u0119 GGE, na rzecz polskiego inwestora bran\u017cowego \u2013 Term Generation <\/p>\n                                <\/div>\n                            <\/div>\n                            <div class=\"article__btn\">\n                                <a href=\"https:\/\/duon.pl\/lepiejnagaz\/gaz-lng-zamiast-wegla-sprzedaz-spolek-cieplowniczych-gge\/\" data-category=\"17\" class=\"category-click btn btn--primary btn--xs btn--arrow-right\">Czytaj dalej<\/a>\n                            <\/div>\n                        <\/div>\n                    <\/article>\n                <\/div>\n                            <div class=\"col-12 col-lg-4\">\n                    <article class=\"article\">\n                        <a href=\"https:\/\/duon.pl\/lepiejnagaz\/duon-dystrybucja-dostarcza-gaz-ziemny-do-gospodarstwa-ogrodniczego-piotr-kociszewski\/\" role=\"img\" alt=\"Kociszewski VegaPol\" class=\"article__image\" style=\"display:block; background-image: url('https:\/\/duon.pl\/lepiejnagaz\/wp-content\/uploads\/sites\/5\/2020\/09\/Kociszewski-VegaPol.png') \">\n                        <\/a>\n                        <div class=\"article__body\">\n                            <div class=\"article__text match-height\">\n                                <a href=\"https:\/\/duon.pl\/lepiejnagaz\/duon-dystrybucja-dostarcza-gaz-ziemny-do-gospodarstwa-ogrodniczego-piotr-kociszewski\/\" data-category=\"17\" class=\"category-click article__hdl-link\">\n                                    <h4 class=\"article__hdl\">DUON Dystrybucja dostarcza gaz ziemny do Gospodarstwa Ogrodniczego Piotr Kociszewski<\/h4>\n                                <\/a>\n                                <div class=\"article__date\">\n                                    <div class=\"row align-items-center\">\n                                        <div class=\"col-auto text-nowrap\"><time datetime=\"2020-09-21\">21. Wrzesie\u0144 2020<\/time><\/div>\n                                        <div class=\"col text-right\">\n                                            <div class=\"article__reading-time article__reading-time--category\">Ten tekst przeczytasz w&nbsp;&lt;&nbsp;1&nbsp;minut\u0119<\/div>\n                                        <\/div>\n                                    <\/div>\n                                <\/div>\n                                <div class=\"article__perex\">\n                                    <p> Firmy nawi\u0105za\u0142y dwuletni\u0105 wsp\u00f3\u0142prac\u0119, w ramach kt\u00f3rej DUON dostarcza gaz ziemny do obiekt\u00f3w klienta. Roczny wolumen sprzeda\u017cy wynosi ponad 10 GWh (ok. 1 mln Nm3). <\/p>\n                                <\/div>\n                            <\/div>\n                            <div class=\"article__btn\">\n                                <a href=\"https:\/\/duon.pl\/lepiejnagaz\/duon-dystrybucja-dostarcza-gaz-ziemny-do-gospodarstwa-ogrodniczego-piotr-kociszewski\/\" data-category=\"17\" class=\"category-click btn btn--primary btn--xs btn--arrow-right\">Czytaj dalej<\/a>\n                            <\/div>\n                        <\/div>\n                    <\/article>\n                <\/div>\n                            <div class=\"col-12 col-lg-4\">\n                    <article class=\"article\">\n                        <a href=\"https:\/\/duon.pl\/lepiejnagaz\/duon-dystrybucja-dostarczy-gaz-ziemny-do-grupy-producentow-rozsad-krason-sp-z-o-o\/\" role=\"img\" alt=\"duon-wspolpraca-z-grupa-producentow-rozsad-krason\" class=\"article__image\" style=\"display:block; background-image: url('https:\/\/duon.pl\/lepiejnagaz\/wp-content\/uploads\/sites\/5\/2020\/08\/duon-wspolpraca-z-grupa-producentow-rozsad-krason.jpg') \">\n                        <\/a>\n                        <div class=\"article__body\">\n                            <div class=\"article__text match-height\">\n                                <a href=\"https:\/\/duon.pl\/lepiejnagaz\/duon-dystrybucja-dostarczy-gaz-ziemny-do-grupy-producentow-rozsad-krason-sp-z-o-o\/\" data-category=\"17\" class=\"category-click article__hdl-link\">\n                                    <h4 class=\"article__hdl\">DUON Dystrybucja dostarczy gaz ziemny do Grupy Producent\u00f3w Rozsad Kraso\u0144 sp. z o.o.<\/h4>\n                                <\/a>\n                                <div class=\"article__date\">\n                                    <div class=\"row align-items-center\">\n                                        <div class=\"col-auto text-nowrap\"><time datetime=\"2020-08-18\">18. Sierpie\u0144 2020<\/time><\/div>\n                                        <div class=\"col text-right\">\n                                            <div class=\"article__reading-time article__reading-time--category\">Ten tekst przeczytasz w&nbsp;&lt;&nbsp;1&nbsp;minut\u0119<\/div>\n                                        <\/div>\n                                    <\/div>\n                                <\/div>\n                                <div class=\"article__perex\">\n                                    <p> DUON podpisa\u0142 z Grup\u0105 Kraso\u0144 10-letni\u0105 umow\u0119, w ramach kt\u00f3rej DUON b\u0119dzie dostarcza\u0142 gaz ziemny do obiekt\u00f3w klienta w Z\u0142otowie. Roczny wolumen sprzeda\u017cy wyniesie ponad 16 GWh (ok. 1,5 mln Nm3). <\/p>\n                                <\/div>\n                            <\/div>\n                            <div class=\"article__btn\">\n                                <a href=\"https:\/\/duon.pl\/lepiejnagaz\/duon-dystrybucja-dostarczy-gaz-ziemny-do-grupy-producentow-rozsad-krason-sp-z-o-o\/\" data-category=\"17\" class=\"category-click btn btn--primary btn--xs btn--arrow-right\">Czytaj dalej<\/a>\n                            <\/div>\n                        <\/div>\n                    <\/article>\n                <\/div>\n                            <div class=\"col-12 col-lg-4\">\n                    <article class=\"article\">\n                        <a href=\"https:\/\/duon.pl\/lepiejnagaz\/duon-dystrybucja-podpisal-kolejny-kontrakt-z-grupa-tarczynski-sa\/\" role=\"img\" alt=\"duon-wspolpraca-z-tarczynski\" class=\"article__image\" style=\"display:block; background-image: url('https:\/\/duon.pl\/lepiejnagaz\/wp-content\/uploads\/sites\/5\/2020\/08\/duon-wspolpraca-z-tarczynski-1.jpg') \">\n                        <\/a>\n                        <div class=\"article__body\">\n                            <div class=\"article__text match-height\">\n                                <a href=\"https:\/\/duon.pl\/lepiejnagaz\/duon-dystrybucja-podpisal-kolejny-kontrakt-z-grupa-tarczynski-sa\/\" data-category=\"17\" class=\"category-click article__hdl-link\">\n                                    <h4 class=\"article__hdl\">Grupa Tarczy\u0144ski SA stawia na LNG<\/h4>\n                                <\/a>\n                                <div class=\"article__date\">\n                                    <div class=\"row align-items-center\">\n                                        <div class=\"col-auto text-nowrap\"><time datetime=\"2020-08-13\">13. Sierpie\u0144 2020<\/time><\/div>\n                                        <div class=\"col text-right\">\n                                            <div class=\"article__reading-time article__reading-time--category\">Ten tekst przeczytasz w&nbsp;2&nbsp;minuty<\/div>\n                                        <\/div>\n                                    <\/div>\n                                <\/div>\n                                <div class=\"article__perex\">\n                                    <p> Sp\u00f3\u0142ki zawar\u0142y 3-letni\u0105 umow\u0119 na dostaw\u0119 LNG do zak\u0142ad\u00f3w w Uje\u017ad\u017acu Ma\u0142ym. Roczny wolumen sprzeda\u017cy wyniesie ok. 70 GWh (6 mln Nm3). To kolejny etap d\u0142ugofalowej wsp\u00f3\u0142pracy firm. <\/p>\n                                <\/div>\n                            <\/div>\n                            <div class=\"article__btn\">\n                                <a href=\"https:\/\/duon.pl\/lepiejnagaz\/duon-dystrybucja-podpisal-kolejny-kontrakt-z-grupa-tarczynski-sa\/\" data-category=\"17\" class=\"category-click btn btn--primary btn--xs btn--arrow-right\">Czytaj dalej<\/a>\n                            <\/div>\n                        <\/div>\n                    <\/article>\n                <\/div>\n                            <div class=\"col-12 col-lg-4\">\n                    <article class=\"article\">\n                        <a href=\"https:\/\/duon.pl\/lepiejnagaz\/praca-w-dobie-koronawirusa\/\" role=\"img\" alt=\"duon-praca-w-dobie-koronawirusa\" class=\"article__image\" style=\"display:block; background-image: url('https:\/\/duon.pl\/lepiejnagaz\/wp-content\/uploads\/sites\/5\/2020\/04\/duon-praca-w-dobie-koronawirusa.jpg') \">\n                        <\/a>\n                        <div class=\"article__body\">\n                            <div class=\"article__text match-height\">\n                                <a href=\"https:\/\/duon.pl\/lepiejnagaz\/praca-w-dobie-koronawirusa\/\" data-category=\"17\" class=\"category-click article__hdl-link\">\n                                    <h4 class=\"article__hdl\">Praca w dobie koronawirusa<\/h4>\n                                <\/a>\n                                <div class=\"article__date\">\n                                    <div class=\"row align-items-center\">\n                                        <div class=\"col-auto text-nowrap\"><time datetime=\"2020-04-08\">8. Kwiecie\u0144 2020<\/time><\/div>\n                                        <div class=\"col text-right\">\n                                            <div class=\"article__reading-time article__reading-time--category\">Ten tekst przeczytasz w&nbsp;2&nbsp;minuty<\/div>\n                                        <\/div>\n                                    <\/div>\n                                <\/div>\n                                <div class=\"article__perex\">\n                                    <p> Z powodu epidemii koronawirusa wywo\u0142uj\u0105cego chorob\u0119 Covid-19, Sp\u00f3\u0142ka DUON Dystrybucja wdro\u017cy\u0142a szereg dzia\u0142a\u0144 prewencyjnych, kt\u00f3re pozwol\u0105 zminimalizowa\u0107 negatywne skutki wirusa. <\/p>\n                                <\/div>\n                            <\/div>\n                            <div class=\"article__btn\">\n                                <a href=\"https:\/\/duon.pl\/lepiejnagaz\/praca-w-dobie-koronawirusa\/\" data-category=\"17\" class=\"category-click btn btn--primary btn--xs btn--arrow-right\">Czytaj dalej<\/a>\n                            <\/div>\n                        <\/div>\n                    <\/article>\n                <\/div>\n                            <div class=\"col-12 col-lg-4\">\n                    <article class=\"article\">\n                        <a href=\"https:\/\/duon.pl\/lepiejnagaz\/20-lat-duon-dystrybucja-sp-z-o-o\/\" role=\"img\" alt=\"duon-20lecie\" class=\"article__image\" style=\"display:block; background-image: url('https:\/\/duon.pl\/lepiejnagaz\/wp-content\/uploads\/sites\/5\/2020\/03\/duon-20lecie-1.png') \">\n                        <\/a>\n                        <div class=\"article__body\">\n                            <div class=\"article__text match-height\">\n                                <a href=\"https:\/\/duon.pl\/lepiejnagaz\/20-lat-duon-dystrybucja-sp-z-o-o\/\" data-category=\"17\" class=\"category-click article__hdl-link\">\n                                    <h4 class=\"article__hdl\">20 lat DUON Dystrybucja sp. z o.o.<\/h4>\n                                <\/a>\n                                <div class=\"article__date\">\n                                    <div class=\"row align-items-center\">\n                                        <div class=\"col-auto text-nowrap\"><time datetime=\"2020-03-26\">26. Marzec 2020<\/time><\/div>\n                                        <div class=\"col text-right\">\n                                            <div class=\"article__reading-time article__reading-time--category\">Ten tekst przeczytasz w&nbsp;2&nbsp;minuty<\/div>\n                                        <\/div>\n                                    <\/div>\n                                <\/div>\n                                <div class=\"article__perex\">\n                                    <p> Rok 2020 jest szczeg\u00f3lny w\u00a0 dzia\u0142alno\u015bci naszej firmy, poniewa\u017c mija w\u0142a\u015bnie 20 lat od jej powstania.  <\/p>\n                                <\/div>\n                            <\/div>\n                            <div class=\"article__btn\">\n                                <a href=\"https:\/\/duon.pl\/lepiejnagaz\/20-lat-duon-dystrybucja-sp-z-o-o\/\" data-category=\"17\" class=\"category-click btn btn--primary btn--xs btn--arrow-right\">Czytaj dalej<\/a>\n                            <\/div>\n                        <\/div>\n                    <\/article>\n                <\/div>\n                            <div class=\"col-12 col-lg-4\">\n                    <article class=\"article\">\n                        <a href=\"https:\/\/duon.pl\/lepiejnagaz\/duon-dostarcza-gaz-do-bunkrowania-statkow-na-terenie-ue\/\" role=\"img\" alt=\"gaz-do-bunkrowania-statkow-ue\" class=\"article__image\" style=\"display:block; background-image: url('https:\/\/duon.pl\/lepiejnagaz\/wp-content\/uploads\/sites\/5\/2020\/03\/gaz-do-bunkrowania-statkow-ue.jpg') \">\n                        <\/a>\n                        <div class=\"article__body\">\n                            <div class=\"article__text match-height\">\n                                <a href=\"https:\/\/duon.pl\/lepiejnagaz\/duon-dostarcza-gaz-do-bunkrowania-statkow-na-terenie-ue\/\" data-category=\"17\" class=\"category-click article__hdl-link\">\n                                    <h4 class=\"article__hdl\">DUON dostarcza gaz do bunkrowania statk\u00f3w na terenie UE<\/h4>\n                                <\/a>\n                                <div class=\"article__date\">\n                                    <div class=\"row align-items-center\">\n                                        <div class=\"col-auto text-nowrap\"><time datetime=\"2020-03-05\">5. Marzec 2020<\/time><\/div>\n                                        <div class=\"col text-right\">\n                                            <div class=\"article__reading-time article__reading-time--category\">Ten tekst przeczytasz w&nbsp;&lt;&nbsp;1&nbsp;minut\u0119<\/div>\n                                        <\/div>\n                                    <\/div>\n                                <\/div>\n                                <div class=\"article__perex\">\n                                    <p> Na prze\u0142omie lutego i marca 2020, DUON Dystrybucja rozpocz\u0105\u0142 dostaw\u0119 gazu LNG do cel\u00f3w bunkrowania statk\u00f3w na terenie UE.  <\/p>\n                                <\/div>\n                            <\/div>\n                            <div class=\"article__btn\">\n                                <a href=\"https:\/\/duon.pl\/lepiejnagaz\/duon-dostarcza-gaz-do-bunkrowania-statkow-na-terenie-ue\/\" data-category=\"17\" class=\"category-click btn btn--primary btn--xs btn--arrow-right\">Czytaj dalej<\/a>\n                            <\/div>\n                        <\/div>\n                    <\/article>\n                <\/div>\n                            <div class=\"col-12 col-lg-4\">\n                    <article class=\"article\">\n                        <a href=\"https:\/\/duon.pl\/lepiejnagaz\/duon-partnerem-strategicznym-kongresu-miesnego-2020\/\" role=\"img\" alt=\"duon-partner-strategiczny-kongresu-miesnego\" class=\"article__image\" style=\"display:block; background-image: url('https:\/\/duon.pl\/lepiejnagaz\/wp-content\/uploads\/sites\/5\/2020\/02\/duon-partner-strategiczny-kongresu-miesnego.jpg') \">\n                        <\/a>\n                        <div class=\"article__body\">\n                            <div class=\"article__text match-height\">\n                                <a href=\"https:\/\/duon.pl\/lepiejnagaz\/duon-partnerem-strategicznym-kongresu-miesnego-2020\/\" data-category=\"17\" class=\"category-click article__hdl-link\">\n                                    <h4 class=\"article__hdl\">DUON partnerem strategicznym Kongresu Mi\u0119snego 2020<\/h4>\n                                <\/a>\n                                <div class=\"article__date\">\n                                    <div class=\"row align-items-center\">\n                                        <div class=\"col-auto text-nowrap\"><time datetime=\"2020-02-10\">10. Luty 2020<\/time><\/div>\n                                        <div class=\"col text-right\">\n                                            <div class=\"article__reading-time article__reading-time--category\">Ten tekst przeczytasz w&nbsp;2&nbsp;minuty<\/div>\n                                        <\/div>\n                                    <\/div>\n                                <\/div>\n                                <div class=\"article__perex\">\n                                    <p> DUON Dystrybucja sp. z o.o. b\u0119dzie uczestniczy\u0142 w tegorocznym Kongresie Mi\u0119snym, gdzie zaprezentuje ofert\u0119 dla tego sektora rynku oraz we\u017amie udzia\u0142 w panelu dyskusyjnym. Wydarzenie odb\u0119dzie si\u0119 27 lutego 2020 roku w Warszawie. <\/p>\n                                <\/div>\n                            <\/div>\n                            <div class=\"article__btn\">\n                                <a href=\"https:\/\/duon.pl\/lepiejnagaz\/duon-partnerem-strategicznym-kongresu-miesnego-2020\/\" data-category=\"17\" class=\"category-click btn btn--primary btn--xs btn--arrow-right\">Czytaj dalej<\/a>\n                            <\/div>\n                        <\/div>\n                    <\/article>\n                <\/div>\n                            <div class=\"col-12 col-lg-4\">\n                    <article class=\"article\">\n                        <a href=\"https:\/\/duon.pl\/lepiejnagaz\/duon-dystrybucja-glownym-odbiorca-lng-od-pgnig\/\" role=\"img\" alt=\"duon-wspolpraca-z-pgnik\" class=\"article__image\" style=\"display:block; background-image: url('https:\/\/duon.pl\/lepiejnagaz\/wp-content\/uploads\/sites\/5\/2019\/12\/duon-wspolpraca-z-pgnik.jpg') \">\n                        <\/a>\n                        <div class=\"article__body\">\n                            <div class=\"article__text match-height\">\n                                <a href=\"https:\/\/duon.pl\/lepiejnagaz\/duon-dystrybucja-glownym-odbiorca-lng-od-pgnig\/\" data-category=\"17\" class=\"category-click article__hdl-link\">\n                                    <h4 class=\"article__hdl\">DUON Dystrybucja g\u0142\u00f3wnym odbiorc\u0105 LNG od PGNiG<\/h4>\n                                <\/a>\n                                <div class=\"article__date\">\n                                    <div class=\"row align-items-center\">\n                                        <div class=\"col-auto text-nowrap\"><time datetime=\"2019-12-10\">10. Grudzie\u0144 2019<\/time><\/div>\n                                        <div class=\"col text-right\">\n                                            <div class=\"article__reading-time article__reading-time--category\">Ten tekst przeczytasz w&nbsp;2&nbsp;minuty<\/div>\n                                        <\/div>\n                                    <\/div>\n                                <\/div>\n                                <div class=\"article__perex\">\n                                    <p> Sp\u00f3\u0142ki zawar\u0142y siedmioletni kontrakt, kt\u00f3rego \u0142\u0105czny wolumen wynosi ponad 150 tys. ton skroplonego gazu ziemnego. To najwi\u0119ksza umowa na sprzeda\u017c LNG podpisana do tej pory przez PGNiG SA. <\/p>\n                                <\/div>\n                            <\/div>\n                            <div class=\"article__btn\">\n                                <a href=\"https:\/\/duon.pl\/lepiejnagaz\/duon-dystrybucja-glownym-odbiorca-lng-od-pgnig\/\" data-category=\"17\" class=\"category-click btn btn--primary btn--xs btn--arrow-right\">Czytaj dalej<\/a>\n                            <\/div>\n                        <\/div>\n                    <\/article>\n                <\/div>\n                            <div class=\"col-12 col-lg-4\">\n                    <article class=\"article\">\n                        <a href=\"https:\/\/duon.pl\/lepiejnagaz\/wyzwania-rynku-lng-w-ciezkim-transporcie-samochodowym-w-polsce\/\" role=\"img\" alt=\"lng-transport-samochodowy\" class=\"article__image\" style=\"display:block; background-image: url('https:\/\/duon.pl\/lepiejnagaz\/wp-content\/uploads\/sites\/5\/2019\/12\/lng-transport-samochodowy.jpg') \">\n                        <\/a>\n                        <div class=\"article__body\">\n                            <div class=\"article__text match-height\">\n                                <a href=\"https:\/\/duon.pl\/lepiejnagaz\/wyzwania-rynku-lng-w-ciezkim-transporcie-samochodowym-w-polsce\/\" data-category=\"17\" class=\"category-click article__hdl-link\">\n                                    <h4 class=\"article__hdl\">Wyzwania rynku LNG w ci\u0119\u017ckim transporcie samochodowym w Polsce<\/h4>\n                                <\/a>\n                                <div class=\"article__date\">\n                                    <div class=\"row align-items-center\">\n                                        <div class=\"col-auto text-nowrap\"><time datetime=\"2019-12-05\">5. Grudzie\u0144 2019<\/time><\/div>\n                                        <div class=\"col text-right\">\n                                            <div class=\"article__reading-time article__reading-time--category\">Ten tekst przeczytasz w&nbsp;6&nbsp;minut<\/div>\n                                        <\/div>\n                                    <\/div>\n                                <\/div>\n                                <div class=\"article__perex\">\n                                    <p> LNG do nap\u0119du jest wykorzystywane g\u0142\u00f3wnie w obszarze transportu morskiego, ale ostatnio rozwija si\u0119 r\u00f3wnie\u017c rynek nap\u0119dzanych nim pojazd\u00f3w drogowych <\/p>\n                                <\/div>\n                            <\/div>\n                            <div class=\"article__btn\">\n                                <a href=\"https:\/\/duon.pl\/lepiejnagaz\/wyzwania-rynku-lng-w-ciezkim-transporcie-samochodowym-w-polsce\/\" data-category=\"17\" class=\"category-click btn btn--primary btn--xs btn--arrow-right\">Czytaj dalej<\/a>\n                            <\/div>\n                        <\/div>\n                    <\/article>\n                <\/div>\n                            <div class=\"col-12 col-lg-4\">\n                    <article class=\"article\">\n                        <a href=\"https:\/\/duon.pl\/lepiejnagaz\/polska-glownym-trucicielem-powietrza-jak-skutecznie-walczyc-z-emisja-co2\/\" role=\"img\" alt=\"Emisja CO2 w Polsce\" class=\"article__image\" style=\"display:block; background-image: url('https:\/\/duon.pl\/lepiejnagaz\/wp-content\/uploads\/sites\/5\/2019\/10\/Emisja-co2.png') \">\n                        <\/a>\n                        <div class=\"article__body\">\n                            <div class=\"article__text match-height\">\n                                <a href=\"https:\/\/duon.pl\/lepiejnagaz\/polska-glownym-trucicielem-powietrza-jak-skutecznie-walczyc-z-emisja-co2\/\" data-category=\"17\" class=\"category-click article__hdl-link\">\n                                    <h4 class=\"article__hdl\">Emisja CO2 w Polsce<\/h4>\n                                <\/a>\n                                <div class=\"article__date\">\n                                    <div class=\"row align-items-center\">\n                                        <div class=\"col-auto text-nowrap\"><time datetime=\"2019-10-25\">25. Pa\u017adziernik 2019<\/time><\/div>\n                                        <div class=\"col text-right\">\n                                            <div class=\"article__reading-time article__reading-time--category\">Ten tekst przeczytasz w&nbsp;3&nbsp;minuty<\/div>\n                                        <\/div>\n                                    <\/div>\n                                <\/div>\n                                <div class=\"article__perex\">\n                                    <p> W ubieg\u0142ym roku nasz przyrost emisji dwutlenku w\u0119gla na jednego mieszka\u0144ca by\u0142 wy\u017cszy ni\u017c w krajach takich jak Chiny i Indie <\/p>\n                                <\/div>\n                            <\/div>\n                            <div class=\"article__btn\">\n                                <a href=\"https:\/\/duon.pl\/lepiejnagaz\/polska-glownym-trucicielem-powietrza-jak-skutecznie-walczyc-z-emisja-co2\/\" data-category=\"17\" class=\"category-click btn btn--primary btn--xs btn--arrow-right\">Czytaj dalej<\/a>\n                            <\/div>\n                        <\/div>\n                    <\/article>\n                <\/div>\n                            <div class=\"col-12 col-lg-4\">\n                    <article class=\"article\">\n                        <a href=\"https:\/\/duon.pl\/lepiejnagaz\/lng-jako-paliwo-dla-statkow\/\" role=\"img\" alt=\"lng-paliwo-dla-statkow\" class=\"article__image\" style=\"display:block; background-image: url('https:\/\/duon.pl\/lepiejnagaz\/wp-content\/uploads\/sites\/5\/2019\/10\/lng-paliwo-dla-statkow.jpg') \">\n                        <\/a>\n                        <div class=\"article__body\">\n                            <div class=\"article__text match-height\">\n                                <a href=\"https:\/\/duon.pl\/lepiejnagaz\/lng-jako-paliwo-dla-statkow\/\" data-category=\"17\" class=\"category-click article__hdl-link\">\n                                    <h4 class=\"article__hdl\">LNG jako paliwo dla statk\u00f3w<\/h4>\n                                <\/a>\n                                <div class=\"article__date\">\n                                    <div class=\"row align-items-center\">\n                                        <div class=\"col-auto text-nowrap\"><time datetime=\"2019-10-25\">25. Pa\u017adziernik 2019<\/time><\/div>\n                                        <div class=\"col text-right\">\n                                            <div class=\"article__reading-time article__reading-time--category\">Ten tekst przeczytasz w&nbsp;2&nbsp;minuty<\/div>\n                                        <\/div>\n                                    <\/div>\n                                <\/div>\n                                <div class=\"article__perex\">\n                                    <p> LNG jako alternatywne paliwo dla statk\u00f3w to rozwi\u0105zanie nie tylko bardziej korzystne dla \u015brodowiska, ale i oszcz\u0119dno\u015b\u0107 finansowa <\/p>\n                                <\/div>\n                            <\/div>\n                            <div class=\"article__btn\">\n                                <a href=\"https:\/\/duon.pl\/lepiejnagaz\/lng-jako-paliwo-dla-statkow\/\" data-category=\"17\" class=\"category-click btn btn--primary btn--xs btn--arrow-right\">Czytaj dalej<\/a>\n                            <\/div>\n                        <\/div>\n                    <\/article>\n                <\/div>\n                    <\/div>\n    \n[\/vc_column][\/vc_row][\/vc_section]<\/p>\n<\/div>","protected":false},"excerpt":{"rendered":"<p>[vc_section][vc_row][vc_column][\/vc_column][\/vc_row][\/vc_section]<\/p>\n","protected":false},"author":1,"featured_media":0,"parent":0,"menu_order":0,"comment_status":"closed","ping_status":"closed","template":"tpl-category-page.php","meta":{"_acf_changed":false,"footnotes":""},"class_list":["post-218","page","type-page","status-publish","hentry"],"yoast_head":"<!-- This site is optimized with the Yoast SEO plugin v27.3 - https:\/\/yoast.com\/product\/yoast-seo-wordpress\/ -->\n<title>Bran\u017ca LNG, gaz ziemny \u2013 aktualno\u015bci, informacje - #LepiejNaGaz<\/title>\n<meta name=\"description\" content=\"Chcesz by\u0107 na bie\u017c\u0105co z informacjami na temat segmentu LNG? Sprawd\u017a, jak zmienia si\u0119 rynek\" \/>\n<meta name=\"robots\" content=\"index, follow, max-snippet:-1, max-image-preview:large, max-video-preview:-1\" \/>\n<link rel=\"canonical\" href=\"https:\/\/duon.pl\/lepiejnagaz\/z-zycia-branzy\/\" \/>\n<meta property=\"og:locale\" content=\"pl_PL\" \/>\n<meta property=\"og:type\" content=\"article\" \/>\n<meta property=\"og:title\" content=\"Bran\u017ca LNG, gaz ziemny \u2013 aktualno\u015bci, informacje - #LepiejNaGaz\" \/>\n<meta property=\"og:description\" content=\"Chcesz by\u0107 na bie\u017c\u0105co z informacjami na temat segmentu LNG? Sprawd\u017a, jak zmienia si\u0119 rynek\" \/>\n<meta property=\"og:url\" content=\"https:\/\/duon.pl\/lepiejnagaz\/z-zycia-branzy\/\" \/>\n<meta property=\"og:site_name\" content=\"#LepiejNaGaz\" \/>\n<meta property=\"article:modified_time\" content=\"2021-04-28T12:41:48+00:00\" \/>\n<meta name=\"twitter:card\" content=\"summary_large_image\" \/>\n<script type=\"application\/ld+json\" class=\"yoast-schema-graph\">{\"@context\":\"https:\\\/\\\/schema.org\",\"@graph\":[{\"@type\":\"Article\",\"@id\":\"https:\\\/\\\/duon.pl\\\/lepiejnagaz\\\/z-zycia-branzy\\\/#article\",\"isPartOf\":{\"@id\":\"https:\\\/\\\/duon.pl\\\/lepiejnagaz\\\/z-zycia-branzy\\\/\"},\"author\":{\"name\":\"m.trocha\",\"@id\":\"https:\\\/\\\/duon.pl\\\/lepiejnagaz\\\/#\\\/schema\\\/person\\\/93eca5dabb4ab335fbbfca8b9b1270f3\"},\"headline\":\"Z \u017cycia bran\u017cy\",\"datePublished\":\"2020-12-14T11:49:40+00:00\",\"dateModified\":\"2021-04-28T12:41:48+00:00\",\"mainEntityOfPage\":{\"@id\":\"https:\\\/\\\/duon.pl\\\/lepiejnagaz\\\/z-zycia-branzy\\\/\"},\"wordCount\":21,\"publisher\":{\"@id\":\"https:\\\/\\\/duon.pl\\\/lepiejnagaz\\\/#organization\"},\"inLanguage\":\"pl-PL\"},{\"@type\":\"WebPage\",\"@id\":\"https:\\\/\\\/duon.pl\\\/lepiejnagaz\\\/z-zycia-branzy\\\/\",\"url\":\"https:\\\/\\\/duon.pl\\\/lepiejnagaz\\\/z-zycia-branzy\\\/\",\"name\":\"Bran\u017ca LNG, gaz ziemny \u2013 aktualno\u015bci, informacje - #LepiejNaGaz\",\"isPartOf\":{\"@id\":\"https:\\\/\\\/duon.pl\\\/lepiejnagaz\\\/#website\"},\"datePublished\":\"2020-12-14T11:49:40+00:00\",\"dateModified\":\"2021-04-28T12:41:48+00:00\",\"description\":\"Chcesz by\u0107 na bie\u017c\u0105co z informacjami na temat segmentu LNG? Sprawd\u017a, jak zmienia si\u0119 rynek\",\"inLanguage\":\"pl-PL\",\"potentialAction\":[{\"@type\":\"ReadAction\",\"target\":[\"https:\\\/\\\/duon.pl\\\/lepiejnagaz\\\/z-zycia-branzy\\\/\"]}]},{\"@type\":\"WebSite\",\"@id\":\"https:\\\/\\\/duon.pl\\\/lepiejnagaz\\\/#website\",\"url\":\"https:\\\/\\\/duon.pl\\\/lepiejnagaz\\\/\",\"name\":\"#LepiejNaGaz\",\"description\":\"\",\"publisher\":{\"@id\":\"https:\\\/\\\/duon.pl\\\/lepiejnagaz\\\/#organization\"},\"potentialAction\":[{\"@type\":\"SearchAction\",\"target\":{\"@type\":\"EntryPoint\",\"urlTemplate\":\"https:\\\/\\\/duon.pl\\\/lepiejnagaz\\\/?s={search_term_string}\"},\"query-input\":{\"@type\":\"PropertyValueSpecification\",\"valueRequired\":true,\"valueName\":\"search_term_string\"}}],\"inLanguage\":\"pl-PL\"},{\"@type\":\"Organization\",\"@id\":\"https:\\\/\\\/duon.pl\\\/lepiejnagaz\\\/#organization\",\"name\":\"DUON\",\"alternateName\":\"DUON\",\"url\":\"https:\\\/\\\/duon.pl\\\/lepiejnagaz\\\/\",\"logo\":{\"@type\":\"ImageObject\",\"inLanguage\":\"pl-PL\",\"@id\":\"https:\\\/\\\/duon.pl\\\/lepiejnagaz\\\/#\\\/schema\\\/logo\\\/image\\\/\",\"url\":\"https:\\\/\\\/duon.pl\\\/lepiejnagaz\\\/wp-content\\\/uploads\\\/sites\\\/5\\\/2020\\\/12\\\/cropped-favicon.png\",\"contentUrl\":\"https:\\\/\\\/duon.pl\\\/lepiejnagaz\\\/wp-content\\\/uploads\\\/sites\\\/5\\\/2020\\\/12\\\/cropped-favicon.png\",\"width\":512,\"height\":512,\"caption\":\"DUON\"},\"image\":{\"@id\":\"https:\\\/\\\/duon.pl\\\/lepiejnagaz\\\/#\\\/schema\\\/logo\\\/image\\\/\"}},{\"@type\":\"Person\",\"@id\":\"https:\\\/\\\/duon.pl\\\/lepiejnagaz\\\/#\\\/schema\\\/person\\\/93eca5dabb4ab335fbbfca8b9b1270f3\",\"name\":\"m.trocha\",\"image\":{\"@type\":\"ImageObject\",\"inLanguage\":\"pl-PL\",\"@id\":\"https:\\\/\\\/secure.gravatar.com\\\/avatar\\\/167d61f8d8e4706b769d610a372dabb6c62f2a4335cd0c5c1c6a723dc98be427?s=96&d=mm&r=g\",\"url\":\"https:\\\/\\\/secure.gravatar.com\\\/avatar\\\/167d61f8d8e4706b769d610a372dabb6c62f2a4335cd0c5c1c6a723dc98be427?s=96&d=mm&r=g\",\"contentUrl\":\"https:\\\/\\\/secure.gravatar.com\\\/avatar\\\/167d61f8d8e4706b769d610a372dabb6c62f2a4335cd0c5c1c6a723dc98be427?s=96&d=mm&r=g\",\"caption\":\"m.trocha\"}}]}<\/script>\n<!-- \/ Yoast SEO plugin. -->","yoast_head_json":{"title":"Bran\u017ca LNG, gaz ziemny \u2013 aktualno\u015bci, informacje - #LepiejNaGaz","description":"Chcesz by\u0107 na bie\u017c\u0105co z informacjami na temat segmentu LNG? Sprawd\u017a, jak zmienia si\u0119 rynek","robots":{"index":"index","follow":"follow","max-snippet":"max-snippet:-1","max-image-preview":"max-image-preview:large","max-video-preview":"max-video-preview:-1"},"canonical":"https:\/\/duon.pl\/lepiejnagaz\/z-zycia-branzy\/","og_locale":"pl_PL","og_type":"article","og_title":"Bran\u017ca LNG, gaz ziemny \u2013 aktualno\u015bci, informacje - #LepiejNaGaz","og_description":"Chcesz by\u0107 na bie\u017c\u0105co z informacjami na temat segmentu LNG? Sprawd\u017a, jak zmienia si\u0119 rynek","og_url":"https:\/\/duon.pl\/lepiejnagaz\/z-zycia-branzy\/","og_site_name":"#LepiejNaGaz","article_modified_time":"2021-04-28T12:41:48+00:00","twitter_card":"summary_large_image","schema":{"@context":"https:\/\/schema.org","@graph":[{"@type":"Article","@id":"https:\/\/duon.pl\/lepiejnagaz\/z-zycia-branzy\/#article","isPartOf":{"@id":"https:\/\/duon.pl\/lepiejnagaz\/z-zycia-branzy\/"},"author":{"name":"m.trocha","@id":"https:\/\/duon.pl\/lepiejnagaz\/#\/schema\/person\/93eca5dabb4ab335fbbfca8b9b1270f3"},"headline":"Z \u017cycia bran\u017cy","datePublished":"2020-12-14T11:49:40+00:00","dateModified":"2021-04-28T12:41:48+00:00","mainEntityOfPage":{"@id":"https:\/\/duon.pl\/lepiejnagaz\/z-zycia-branzy\/"},"wordCount":21,"publisher":{"@id":"https:\/\/duon.pl\/lepiejnagaz\/#organization"},"inLanguage":"pl-PL"},{"@type":"WebPage","@id":"https:\/\/duon.pl\/lepiejnagaz\/z-zycia-branzy\/","url":"https:\/\/duon.pl\/lepiejnagaz\/z-zycia-branzy\/","name":"Bran\u017ca LNG, gaz ziemny \u2013 aktualno\u015bci, informacje - #LepiejNaGaz","isPartOf":{"@id":"https:\/\/duon.pl\/lepiejnagaz\/#website"},"datePublished":"2020-12-14T11:49:40+00:00","dateModified":"2021-04-28T12:41:48+00:00","description":"Chcesz by\u0107 na bie\u017c\u0105co z informacjami na temat segmentu LNG? Sprawd\u017a, jak zmienia si\u0119 rynek","inLanguage":"pl-PL","potentialAction":[{"@type":"ReadAction","target":["https:\/\/duon.pl\/lepiejnagaz\/z-zycia-branzy\/"]}]},{"@type":"WebSite","@id":"https:\/\/duon.pl\/lepiejnagaz\/#website","url":"https:\/\/duon.pl\/lepiejnagaz\/","name":"#LepiejNaGaz","description":"","publisher":{"@id":"https:\/\/duon.pl\/lepiejnagaz\/#organization"},"potentialAction":[{"@type":"SearchAction","target":{"@type":"EntryPoint","urlTemplate":"https:\/\/duon.pl\/lepiejnagaz\/?s={search_term_string}"},"query-input":{"@type":"PropertyValueSpecification","valueRequired":true,"valueName":"search_term_string"}}],"inLanguage":"pl-PL"},{"@type":"Organization","@id":"https:\/\/duon.pl\/lepiejnagaz\/#organization","name":"DUON","alternateName":"DUON","url":"https:\/\/duon.pl\/lepiejnagaz\/","logo":{"@type":"ImageObject","inLanguage":"pl-PL","@id":"https:\/\/duon.pl\/lepiejnagaz\/#\/schema\/logo\/image\/","url":"https:\/\/duon.pl\/lepiejnagaz\/wp-content\/uploads\/sites\/5\/2020\/12\/cropped-favicon.png","contentUrl":"https:\/\/duon.pl\/lepiejnagaz\/wp-content\/uploads\/sites\/5\/2020\/12\/cropped-favicon.png","width":512,"height":512,"caption":"DUON"},"image":{"@id":"https:\/\/duon.pl\/lepiejnagaz\/#\/schema\/logo\/image\/"}},{"@type":"Person","@id":"https:\/\/duon.pl\/lepiejnagaz\/#\/schema\/person\/93eca5dabb4ab335fbbfca8b9b1270f3","name":"m.trocha","image":{"@type":"ImageObject","inLanguage":"pl-PL","@id":"https:\/\/secure.gravatar.com\/avatar\/167d61f8d8e4706b769d610a372dabb6c62f2a4335cd0c5c1c6a723dc98be427?s=96&d=mm&r=g","url":"https:\/\/secure.gravatar.com\/avatar\/167d61f8d8e4706b769d610a372dabb6c62f2a4335cd0c5c1c6a723dc98be427?s=96&d=mm&r=g","contentUrl":"https:\/\/secure.gravatar.com\/avatar\/167d61f8d8e4706b769d610a372dabb6c62f2a4335cd0c5c1c6a723dc98be427?s=96&d=mm&r=g","caption":"m.trocha"}}]}},"acf":[],"_links":{"self":[{"href":"https:\/\/duon.pl\/lepiejnagaz\/wp-json\/wp\/v2\/pages\/218","targetHints":{"allow":["GET"]}}],"collection":[{"href":"https:\/\/duon.pl\/lepiejnagaz\/wp-json\/wp\/v2\/pages"}],"about":[{"href":"https:\/\/duon.pl\/lepiejnagaz\/wp-json\/wp\/v2\/types\/page"}],"author":[{"embeddable":true,"href":"https:\/\/duon.pl\/lepiejnagaz\/wp-json\/wp\/v2\/users\/1"}],"replies":[{"embeddable":true,"href":"https:\/\/duon.pl\/lepiejnagaz\/wp-json\/wp\/v2\/comments?post=218"}],"version-history":[{"count":2,"href":"https:\/\/duon.pl\/lepiejnagaz\/wp-json\/wp\/v2\/pages\/218\/revisions"}],"predecessor-version":[{"id":220,"href":"https:\/\/duon.pl\/lepiejnagaz\/wp-json\/wp\/v2\/pages\/218\/revisions\/220"}],"wp:attachment":[{"href":"https:\/\/duon.pl\/lepiejnagaz\/wp-json\/wp\/v2\/media?parent=218"}],"curies":[{"name":"wp","href":"https:\/\/api.w.org\/{rel}","templated":true}]}}